{"id":101,"date":"2019-05-09T07:16:56","date_gmt":"2019-05-09T07:16:56","guid":{"rendered":"http:\/\/ferienwohnung-voelklingen-city.de\/?page_id=101"},"modified":"2023-08-11T08:09:58","modified_gmt":"2023-08-11T08:09:58","slug":"ferienwohnung-in-voelklingen-city-2-2-4","status":"publish","type":"page","link":"http:\/\/ferienwohnung-voelklingen-city.de\/?page_id=101","title":{"rendered":"Sehensw\u00fcrdigkeiten"},"content":{"rendered":"\n<figure class=\"wp-block-image size-large\"><img loading=\"lazy\" decoding=\"async\" width=\"1024\" height=\"281\" src=\"http:\/\/ferienwohnung-voelklingen-city.de\/wp-content\/uploads\/2019\/05\/cropped-Ferienwohnungen-in-Voelklingen22-1-1024x281.png\" alt=\"\" class=\"wp-image-6\" srcset=\"http:\/\/ferienwohnung-voelklingen-city.de\/wp-content\/uploads\/2019\/05\/cropped-Ferienwohnungen-in-Voelklingen22-1-1024x281.png 1024w, http:\/\/ferienwohnung-voelklingen-city.de\/wp-content\/uploads\/2019\/05\/cropped-Ferienwohnungen-in-Voelklingen22-1-300x82.png 300w, http:\/\/ferienwohnung-voelklingen-city.de\/wp-content\/uploads\/2019\/05\/cropped-Ferienwohnungen-in-Voelklingen22-1-768x210.png 768w, http:\/\/ferienwohnung-voelklingen-city.de\/wp-content\/uploads\/2019\/05\/cropped-Ferienwohnungen-in-Voelklingen22-1.png 2000w\" sizes=\"auto, (max-width: 1024px) 100vw, 1024px\" \/><\/figure>\n\n\n<p><!--StartFragment --><\/p>\n<p align=\"center\"><span style=\"font-family: Helvetica, Arial, sans-serif;\"><span style=\"font-size: x-large;\"><span style=\"font-size: xx-large;\">Sehenw\u00fcrdigkeiten rund um V\u00f6lklingen<\/span> <\/span><\/span><\/p>\n<table border=\"0\" cellspacing=\"2\" cellpadding=\"2\">\n<tbody>\n<tr>\n<td colspan=\"2\"><\/td>\n<td><\/td>\n<td><\/td>\n<td valign=\"top\"><\/td>\n<\/tr>\n<tr>\n<td><\/td>\n<td><\/td>\n<td><\/td>\n<td><\/td>\n<td><\/td>\n<\/tr>\n<tr>\n<td><\/td>\n<td><span style=\"font-family: Helvetica, Arial, sans-serif;\"><span style=\"font-size: large;\">Unesco Weltkulturerbe V\u00f6lklinger<br \/>\nH\u00fctte\u00a0<\/span><\/span><\/td>\n<td><a href=\"https:\/\/www.voelklinger-huette.org\/\" target=\"_blank\" rel=\"noopener\"><span style=\"font-family: Helvetica, Arial, sans-serif;\"><span style=\"font-size: large;\">https:\/\/www.voelklinger-huette.org<\/span><\/span><\/a><\/td>\n<td><\/td>\n<td><\/td>\n<\/tr>\n<tr>\n<td><\/td>\n<td><\/td>\n<td><\/td>\n<td><\/td>\n<td><\/td>\n<\/tr>\n<tr>\n<td><\/td>\n<td><span style=\"font-family: Helvetica, Arial, sans-serif;\"><span style=\"font-size: large;\">Saarschleife bei Mettlach mit<br \/>\nSchifffahrtsgelegenheit<\/span><\/span><\/td>\n<td><a href=\"https:\/\/www.maria-croon.de\/schifffahrt-saar\" target=\"_blank\" rel=\"noopener\"><span style=\"font-family: Helvetica, Arial, sans-serif;\"><span style=\"font-size: large;\">https:\/\/www.maria-croon.de\/schifffahrt-saar<\/span><\/span><\/a><\/td>\n<td><\/td>\n<td><\/td>\n<\/tr>\n<tr>\n<td><\/td>\n<td><\/td>\n<td><\/td>\n<td><\/td>\n<td><\/td>\n<\/tr>\n<tr>\n<td><\/td>\n<td><span style=\"font-family: Helvetica, Arial, sans-serif;\"><span style=\"font-size: large;\">Baumwipfelpfad Saarschleife\u00a0 <\/span><\/span><\/td>\n<td><a href=\"https:\/\/www.baumwipfelpfade.de\/saarschleife\/\" target=\"_blank\" rel=\"noopener\"><span style=\"font-family: Helvetica, Arial, sans-serif;\"><span style=\"font-size: large;\">https:\/\/www.baumwipfelpfade.de\/saarschleife\/<\/span><\/span><\/a><\/td>\n<td><\/td>\n<td><\/td>\n<\/tr>\n<tr>\n<td><\/td>\n<td><\/td>\n<td><\/td>\n<td><\/td>\n<td><\/td>\n<\/tr>\n<tr>\n<td><\/td>\n<td><span style=\"font-family: Helvetica, Arial, sans-serif;\"><span style=\"font-size: large;\">Wofsgehege in Merzig<\/span><\/span><\/td>\n<td><a href=\"http:\/\/www.wolfspark-wernerfreund.de\/\" target=\"_blank\" rel=\"noopener\"><span style=\"font-family: Helvetica, Arial, sans-serif;\"><span style=\"font-size: large;\">http:\/\/www.wolfspark-wernerfreund.de\/<\/span><\/span><\/a><\/td>\n<td><\/td>\n<td><\/td>\n<\/tr>\n<tr>\n<td><\/td>\n<td><\/td>\n<td><\/td>\n<td><\/td>\n<td><\/td>\n<\/tr>\n<tr>\n<td><\/td>\n<td><span style=\"font-family: Helvetica, Arial, sans-serif;\"><span style=\"font-size: large;\">Saarbr\u00fccker Schlo\u00df ua. <\/span><\/span><\/td>\n<td><a href=\"https:\/\/www.saarbruecker-schloss.de\/\"><span style=\"font-family: Helvetica, Arial, sans-serif;\"><span style=\"font-size: large;\">https:\/\/www.saarbruecker-schloss.de\/<\/span><\/span><\/a><\/td>\n<td><\/td>\n<td><\/td>\n<\/tr>\n<tr>\n<td><\/td>\n<td><\/td>\n<td><\/td>\n<td><\/td>\n<td><\/td>\n<\/tr>\n<tr>\n<td><\/td>\n<td><span style=\"font-family: Helvetica, Arial, sans-serif;\"><span style=\"font-size: large;\">Saarbr\u00fccken \u2013 Deutsch<br \/>\nFranz\u00f6sischer Garten<\/span><\/span><\/td>\n<td><a href=\"https:\/\/www.saarbruecken.de\/leben_in_saarbruecken\/freizeit\/deutsch_franzoesischer_garten\"><span style=\"font-family: Helvetica, Arial, sans-serif;\"><span style=\"font-size: large;\">https:\/\/www.saarbruecken.de\/leben_in_saarbruecken\/freizeit\/deutsch_franzoesischer_garten<\/span><\/span><\/a><\/td>\n<td><\/td>\n<td><\/td>\n<\/tr>\n<tr>\n<td><\/td>\n<td><\/td>\n<td><\/td>\n<td><\/td>\n<td><\/td>\n<\/tr>\n<tr>\n<td><\/td>\n<td><span style=\"color: #000000;\"><span style=\"font-family: Helvetica, Arial, sans-serif;\"><span style=\"font-size: large;\">Saarlouiser<br \/>\nAltstadt Napoleonisch gepr\u00e4gt \u00a0\u00a0 <\/span><\/span><\/span><\/td>\n<td><span style=\"color: #000000;\"><span style=\"font-family: Helvetica, Arial, sans-serif;\"><span style=\"font-size: large;\"><a href=\"https:\/\/www.urlaub.saarland\/\">https:\/\/www.urlaub.saarland\/<\/a><a href=\"https:\/\/www.urlaub.saarland\/Media\/Touren\/Stadtrundgang-Saarlouis\" target=\"_blank\" rel=\"noopener\">&#8230;&#8230;..<\/a> <\/span><\/span><\/span><\/td>\n<td><\/td>\n<td><\/td>\n<\/tr>\n<tr>\n<td><\/td>\n<td><\/td>\n<td><\/td>\n<td><\/td>\n<td><\/td>\n<\/tr>\n<tr>\n<td><\/td>\n<td><span style=\"font-family: Helvetica, Arial, sans-serif;\"><span style=\"font-size: large;\">Neunkichen \u2013 Gondwana das Praehistorium <\/span><\/span><\/td>\n<td><a href=\"https:\/\/www.gondwana-das-praehistorium.de\/de\/\" target=\"_blank\" rel=\"noopener\"><span style=\"font-family: Helvetica, Arial, sans-serif;\"><span style=\"font-size: large;\">https:\/\/www.gondwana-das-praehistorium.de\/de\/<\/span><\/span><\/a><\/td>\n<td><\/td>\n<td><\/td>\n<\/tr>\n<tr>\n<td><\/td>\n<td><span style=\"color: #000000;\"><span style=\"font-family: Helvetica, Arial, sans-serif;\"><span style=\"font-size: large;\">Homburg<br \/>\n\u2013<br \/>\nSchlo\u00dfbergh\u00f6hlen\u00a0\u00a0\u00a0 <\/span><\/span><\/span><\/td>\n<td><a href=\"https:\/\/www.homburger-schlossberghoehlen.de\/\" target=\"_blank\" rel=\"noopener\"><span style=\"color: #000000;\"><span style=\"font-family: Helvetica, Arial, sans-serif;\"><span style=\"font-size: large;\">https:\/\/www.homburger-schlossberghoehlen.de\/<br \/>\n<\/span><\/span><\/span><\/a><\/td>\n<td><\/td>\n<td><\/td>\n<\/tr>\n<tr>\n<td><\/td>\n<td><\/td>\n<td><\/td>\n<td><\/td>\n<td><\/td>\n<\/tr>\n<tr>\n<td><\/td>\n<td><span style=\"color: #000000;\"><span style=\"font-family: Helvetica, Arial, sans-serif;\"><span style=\"font-size: large;\">Weiskirchen<br \/>\n\u2013 Hochseilgarten\u00a0\u00a0\u00a0 <\/span><\/span><\/span><\/td>\n<td><span style=\"color: #000000;\"><span style=\"font-family: Helvetica, Arial, sans-serif;\"><span style=\"font-size: large;\"><a href=\"https:\/\/www.urlaub.saarland\/Media\/Attraktionen\/Kletterpark-Weiskirchen#\/article\/7b74ad2c-4288-4571-81aa-7a428c7be67a\">https:\/\/www.urlaub.saarland\/Media\/Attraktionen\/Kletterpark-Weiskirchen#\/article\/7b74ad2c-4288-4571-81aa-7a428c7be67a<\/a><br \/>\n<\/span><\/span><\/span><\/td>\n<td><\/td>\n<td><\/td>\n<\/tr>\n<tr>\n<td><\/td>\n<td><\/td>\n<td><\/td>\n<td><\/td>\n<td><\/td>\n<\/tr>\n<tr>\n<td><\/td>\n<td><span style=\"color: #000000;\"><span style=\"font-family: Helvetica, Arial, sans-serif;\"><span style=\"font-size: large;\">Freizeitzentrum<br \/>\nBostalsee<\/span><\/span><\/span><\/td>\n<td><span style=\"color: #000000;\"> <span style=\"font-family: Helvetica, Arial, sans-serif;\"><span style=\"font-size: large;\"><a href=\"https:\/\/www.bostalsee.de\/leichtesprache\/bostalsee-camping\/freizeitzentrum-bostalsee\/der-bostalsee\">https:\/\/www.bostalsee.de\/leichtesprache\/bostalsee-camping\/freizeitzentrum-bostalsee\/der-bostalsee<\/a><br \/>\n<\/span><\/span><\/span><\/td>\n<td><\/td>\n<td><\/td>\n<\/tr>\n<tr>\n<td><\/td>\n<td colspan=\"2\"><\/td>\n<td><\/td>\n<td><\/td>\n<\/tr>\n<tr>\n<td><\/td>\n<td colspan=\"4\">\n<p style=\"margin-bottom: 0.5cm;\"><span style=\"color: #000000;\"><span style=\"font-family: Helvetica, Arial, sans-serif;\"><span style=\"font-size: x-large;\">Desweiteren befinden Sie sich 10 Km von Frankreich,40 Km von Luxemburg und 100 Km von Belgien entfernt.<\/span><\/span><\/span><\/p>\n<\/td>\n<\/tr>\n<\/tbody>\n<\/table>\n<p>&nbsp;<\/p>\n\n","protected":false},"excerpt":{"rendered":"<p>Sehenw\u00fcrdigkeiten rund um V\u00f6lklingen Unesco Weltkulturerbe V\u00f6lklinger H\u00fctte\u00a0 https:\/\/www.voelklinger-huette.org Saarschleife bei Mettlach mit Schifffahrtsgelegenheit https:\/\/www.maria-croon.de\/schifffahrt-saar Baumwipfelpfad Saarschleife\u00a0 https:\/\/www.baumwipfelpfade.de\/saarschleife\/ Wofsgehege in Merzig http:\/\/www.wolfspark-wernerfreund.de\/ Saarbr\u00fccker Schlo\u00df ua. https:\/\/www.saarbruecker-schloss.de\/ Saarbr\u00fccken \u2013 Deutsch Franz\u00f6sischer Garten https:\/\/www.saarbruecken.de\/leben_in_saarbruecken\/freizeit\/deutsch_franzoesischer_garten Saarlouiser Altstadt Napoleonisch gepr\u00e4gt \u00a0\u00a0 https:\/\/www.urlaub.saarland\/&#8230;&#8230;.. Neunkichen \u2013 Gondwana das Praehistorium https:\/\/www.gondwana-das-praehistorium.de\/de\/ Homburg \u2013 Schlo\u00dfbergh\u00f6hlen\u00a0\u00a0\u00a0 https:\/\/www.homburger-schlossberghoehlen.de\/ Weiskirchen \u2013 Hochseilgarten\u00a0\u00a0\u00a0 https:\/\/www.urlaub.saarland\/Media\/Attraktionen\/Kletterpark-Weiskirchen#\/article\/7b74ad2c-4288-4571-81aa-7a428c7be67a Freizeitzentrum Bostalsee https:\/\/www.bostalsee.de\/leichtesprache\/bostalsee-camping\/freizeitzentrum-bostalsee\/der-bostalsee [&hellip;]<\/p>\n","protected":false},"author":1,"featured_media":0,"parent":0,"menu_order":0,"comment_status":"closed","ping_status":"closed","template":"","meta":{"footnotes":""},"class_list":["post-101","page","type-page","status-publish","hentry"],"_links":{"self":[{"href":"http:\/\/ferienwohnung-voelklingen-city.de\/index.php?rest_route=\/wp\/v2\/pages\/101","targetHints":{"allow":["GET"]}}],"collection":[{"href":"http:\/\/ferienwohnung-voelklingen-city.de\/index.php?rest_route=\/wp\/v2\/pages"}],"about":[{"href":"http:\/\/ferienwohnung-voelklingen-city.de\/index.php?rest_route=\/wp\/v2\/types\/page"}],"author":[{"embeddable":true,"href":"http:\/\/ferienwohnung-voelklingen-city.de\/index.php?rest_route=\/wp\/v2\/users\/1"}],"replies":[{"embeddable":true,"href":"http:\/\/ferienwohnung-voelklingen-city.de\/index.php?rest_route=%2Fwp%2Fv2%2Fcomments&post=101"}],"version-history":[{"count":19,"href":"http:\/\/ferienwohnung-voelklingen-city.de\/index.php?rest_route=\/wp\/v2\/pages\/101\/revisions"}],"predecessor-version":[{"id":363,"href":"http:\/\/ferienwohnung-voelklingen-city.de\/index.php?rest_route=\/wp\/v2\/pages\/101\/revisions\/363"}],"wp:attachment":[{"href":"http:\/\/ferienwohnung-voelklingen-city.de\/index.php?rest_route=%2Fwp%2Fv2%2Fmedia&parent=101"}],"curies":[{"name":"wp","href":"https:\/\/api.w.org\/{rel}","templated":true}]}}